{"id":1696,"date":"2017-04-12T16:58:31","date_gmt":"2017-04-12T16:58:31","guid":{"rendered":"http:\/\/ilab3.aps.edu.pl\/?page_id=1696"},"modified":"2017-05-28T13:20:25","modified_gmt":"2017-05-28T13:20:25","slug":"rejestracja","status":"publish","type":"page","link":"https:\/\/ilab3.aps.edu.pl\/?page_id=1696","title":{"rendered":"Rejestracja"},"content":{"rendered":"<p>&nbsp;<\/p>\n<p style=\"text-align: center;\">Dzi\u0119kujemy za zainteresowanie konferencj\u0105.<\/p>\n<h2 style=\"text-align: center;\"><strong>Rejestracja zamkni\u0119ta.<\/strong><\/h2>\n<p>&nbsp;<\/p>\n<noscript class=\"ninja-forms-noscript-message\">\n\tNotice: JavaScript is required for this content.<\/noscript>\n<div id=\"nf-form-4-cont\" class=\"nf-form-cont\" aria-live=\"polite\" aria-labelledby=\"nf-form-title-4\" aria-describedby=\"nf-form-errors-4\" role=\"form\">\n\n    <div class=\"nf-loading-spinner\"><\/div>\n\n<\/div>\n        <!-- That data is being printed as a workaround to page builders reordering the order of the scripts loaded-->\n        <script>var formDisplay=1;var nfForms=nfForms||[];var form=[];form.id='4';form.settings={\"objectType\":\"Form Setting\",\"editActive\":true,\"title\":\"\",\"show_title\":0,\"clear_complete\":1,\"hide_complete\":1,\"default_label_pos\":\"above\",\"wrapper_class\":\"\",\"element_class\":\"\",\"key\":\"\",\"add_submit\":1,\"changeEmailErrorMsg\":\"Prosz\\u0119 wpisa\\u0107 poprawny adres e-mail.\",\"confirmFieldErrorMsg\":\"Te pola musza by\\u0107 takie same.\",\"fieldNumberNumMinError\":\"Number Min Error\",\"fieldNumberNumMaxError\":\"Number Max Error\",\"fieldNumberIncrementBy\":\"Please increment by \",\"formErrorsCorrectErrors\":\"Prosz\\u0119 usupe\\u0142ni\\u0107 wszystkie pola i poprawi\\u0107 b\\u0142\\u0119dy.\",\"validateRequiredField\":\"To pole jest wymagane.\",\"honeypotHoneypotError\":\"Honeypot Error\",\"fieldsMarkedRequired\":\"Pola oznaczone &quot;*&quot; s\\u0105 obowi\\u0105zkowe.\",\"currency\":\"\",\"logged_in\":false,\"not_logged_in_msg\":\"\",\"sub_limit_number\":null,\"sub_limit_msg\":\"The Form has reached it's submission limit.\",\"calculations\":[],\"formContentData\":[\"html_1492013701729\",\"hr_1492708058005\",\"html_1492010267601\",\"imie_1492009135626\",\"nazwisko_1492009139755\",\"email_1492009127570\",\"telefon_1492009271342\",\"stanowisko_1492707745686\",\"hr_1492009307182\",\"html_1492707755004\",\"nazwa_instytucji_1492009360629\",\"ulica_1492009898558\",\"kod_pocztowy_1492009822501\",\"miasto_1492009873031\",\"hr_1492010516958\",\"wyrazam_zgode_na_przetwarzanie_moich_danych_osobowych_przez_akademie_pedagogiki_specjalnej_im_marii_grzegorzewskiej_z_siedziba_w_warszawie_ul_szczesliwiecka_40_w_celach_zwiazanych_z_organizacja_konferencji_laboratoria_innowacji_w_rozwoju_kompetencji_nauczycieli_pedagogiki_specjalnej_i_osob_ze_specjalnymi_potrzebami_edukacyjnymi_zgodnie_z_ustawa_z_dnia_29_08_1997_r_o_ochronie_danych_osobowych_dz_u_z_2002_nr_101_poz_926_wraz_z_pozn_zmianami_1492707892274\",\"html_1492707672777\",\"hr_1492010521166\",\"html_1492707679749\",\"zapisz_1\"],\"ninjaForms\":\"Ninja Forms\",\"changeDateErrorMsg\":\"Please enter a valid date!\",\"fieldTextareaRTEInsertLink\":\"Insert Link\",\"fieldTextareaRTEInsertMedia\":\"Insert Media\",\"fieldTextareaRTESelectAFile\":\"Select a file\",\"formHoneypot\":\"If you are a human seeing this field, please leave it empty.\",\"fileUploadOldCodeFileUploadInProgress\":\"File Upload in Progress.\",\"fileUploadOldCodeFileUpload\":\"FILE UPLOAD\",\"currencySymbol\":\"&#36;\",\"thousands_sep\":\",\",\"decimal_point\":\".\",\"siteLocale\":\"en_GB\",\"dateFormat\":\"m\\\/d\\\/Y\",\"startOfWeek\":\"1\",\"of\":\"of\",\"previousMonth\":\"Previous Month\",\"nextMonth\":\"Next Month\",\"months\":[\"January\",\"February\",\"March\",\"April\",\"May\",\"June\",\"July\",\"August\",\"September\",\"October\",\"November\",\"December\"],\"monthsShort\":[\"Jan\",\"Feb\",\"Mar\",\"Apr\",\"May\",\"Jun\",\"Jul\",\"Aug\",\"Sep\",\"Oct\",\"Nov\",\"Dec\"],\"weekdays\":[\"Sunday\",\"Monday\",\"Tuesday\",\"Wednesday\",\"Thursday\",\"Friday\",\"Saturday\"],\"weekdaysShort\":[\"Sun\",\"Mon\",\"Tue\",\"Wed\",\"Thu\",\"Fri\",\"Sat\"],\"weekdaysMin\":[\"Su\",\"Mo\",\"Tu\",\"We\",\"Th\",\"Fr\",\"Sa\"],\"recaptchaConsentMissing\":\"reCaptcha validation couldn&#039;t load.\",\"recaptchaMissingCookie\":\"reCaptcha v3 validation couldn&#039;t load the cookie needed to submit the form.\",\"recaptchaConsentEvent\":\"Accept reCaptcha cookies before sending the form.\",\"embed_form\":\"\",\"currency_symbol\":\"\",\"beforeForm\":\"\",\"beforeFields\":\"\",\"afterFields\":\"\",\"afterForm\":\"\"};form.fields=[{\"objectType\":\"Field\",\"objectDomain\":\"fields\",\"editActive\":false,\"order\":1,\"type\":\"html\",\"label\":\"\",\"default\":\"<p style=\\\"margin: 0px 0px 20px; padding: 0px; border: 0px; font-size: 13px; vertical-align: baseline; color: rgb(85, 85, 85); font-family: Arial, Helvetica, sans-serif; font-style: normal; font-variant-ligatures: normal; font-variant-caps: normal; font-weight: normal; letter-spacing: normal; orphans: 2; text-indent: 0px; text-transform: none; white-space: normal; widows: 2; word-spacing: 0px; -webkit-text-stroke-width: 0px; background-color: rgb(255, 255, 255); text-decoration-style: initial; text-decoration-color: initial; text-align: center;\\\" align=\\\"left\\\"><b><i><strong style=\\\"margin: 0px; padding: 0px; border: 0px; font-size: 13px; vertical-align: baseline;\\\"><br><\\\/strong><\\\/i><\\\/b><\\\/p><p dir=\\\"ltr\\\" style=\\\"line-height:1.2;margin-top:5pt;margin-bottom:14pt;text-align: center;\\\" id=\\\"docs-internal-guid-ab8bd66e-8c4d-c009-3c6a-fcb2adb6fa3f\\\"><span style=\\\"font-size:12pt;font-family:Calibri;color:#000000;background-color:transparent;font-weight:700;font-style:normal;font-variant:normal;text-decoration:none;vertical-align:baseline;\\\">Deklaracja bezp\\u0142atnego udzia\\u0142u <\\\/span><span style=\\\"font-size:12pt;font-family:Calibri;color:#000000;background-color:transparent;font-weight:700;font-style:normal;font-variant:normal;text-decoration:none;vertical-align:baseline;\\\"><br class=\\\"kix-line-break\\\"><\\\/span><span style=\\\"font-size:12pt;font-family:Calibri;color:#000000;background-color:transparent;font-weight:700;font-style:normal;font-variant:normal;text-decoration:none;vertical-align:baseline;\\\">w mi\\u0119dzynarodowej konferencji naukowej<\\\/span><\\\/p><p style=\\\"margin: 0px 0px 20px; padding: 0px; border: 0px; font-size: 13px; vertical-align: baseline; color: rgb(85, 85, 85); font-family: Arial, Helvetica, sans-serif; font-style: normal; font-variant-ligatures: normal; font-variant-caps: normal; font-weight: normal; letter-spacing: normal; orphans: 2; text-indent: 0px; text-transform: none; white-space: normal; widows: 2; word-spacing: 0px; -webkit-text-stroke-width: 0px; background-color: rgb(255, 255, 255); text-decoration-style: initial; text-decoration-color: initial; text-align: center;\\\" align=\\\"left\\\"><b><i><strong style=\\\"margin: 0px; padding: 0px; border: 0px; font-size: 13px; vertical-align: baseline;\\\"><br><\\\/strong><\\\/i><\\\/b><\\\/p><p dir=\\\"ltr\\\" style=\\\"line-height:1.2;margin-top:0pt;margin-bottom:14pt;text-align: center;\\\"><span style=\\\"font-size:12pt;font-family:Calibri;color:#000000;background-color:transparent;font-weight:700;font-style:normal;font-variant:normal;text-decoration:none;vertical-align:baseline;\\\">Laboratoria innowacji w rozwoju kompetencji nauczycieli pedagogiki specjalnej i os\\u00f3b ze specjalnymi potrzebami edukacyjnymi<\\\/span><\\\/p><p style=\\\"margin: 0px 0px 20px; padding: 0px; border: 0px; font-size: 13px; vertical-align: baseline; color: rgb(85, 85, 85); font-family: Arial, Helvetica, sans-serif; font-style: normal; font-variant-ligatures: normal; font-variant-caps: normal; font-weight: normal; letter-spacing: normal; orphans: 2; text-indent: 0px; text-transform: none; white-space: normal; widows: 2; word-spacing: 0px; -webkit-text-stroke-width: 0px; background-color: rgb(255, 255, 255); text-decoration-style: initial; text-decoration-color: initial; text-align: center;\\\" align=\\\"left\\\"><b><i><strong style=\\\"margin: 0px; padding: 0px; border: 0px; font-size: 13px; vertical-align: baseline;\\\"><br><\\\/strong><\\\/i><\\\/b><\\\/p><p dir=\\\"ltr\\\" style=\\\"line-height:1.2;margin-top:0pt;margin-bottom:14pt;text-align: center;\\\"><span style=\\\"font-size:12pt;font-family:Calibri;color:#000000;background-color:transparent;font-weight:700;font-style:normal;font-variant:normal;text-decoration:none;vertical-align:baseline;\\\">Warszawa, 19.05.2017<\\\/span><span style=\\\"font-size:12pt;font-family:'Times New Roman';color:#000000;background-color:transparent;font-weight:700;font-style:normal;font-variant:normal;text-decoration:none;vertical-align:baseline;\\\"> <\\\/span><\\\/p>\",\"container_class\":\"\",\"element_class\":\"\",\"key\":\"html_1492013701729\",\"id\":46,\"beforeField\":\"\",\"afterField\":\"\",\"value\":\"<p style=\\\"margin: 0px 0px 20px; padding: 0px; border: 0px; font-size: 13px; vertical-align: baseline; color: rgb(85, 85, 85); font-family: Arial, Helvetica, sans-serif; font-style: normal; font-variant-ligatures: normal; font-variant-caps: normal; font-weight: normal; letter-spacing: normal; orphans: 2; text-indent: 0px; text-transform: none; white-space: normal; widows: 2; word-spacing: 0px; -webkit-text-stroke-width: 0px; background-color: rgb(255, 255, 255); text-decoration-style: initial; text-decoration-color: initial; text-align: center;\\\" align=\\\"left\\\"><b><i><strong style=\\\"margin: 0px; padding: 0px; border: 0px; font-size: 13px; vertical-align: baseline;\\\"><br><\\\/strong><\\\/i><\\\/b><\\\/p><p dir=\\\"ltr\\\" style=\\\"line-height:1.2;margin-top:5pt;margin-bottom:14pt;text-align: center;\\\" id=\\\"docs-internal-guid-ab8bd66e-8c4d-c009-3c6a-fcb2adb6fa3f\\\"><span style=\\\"font-size:12pt;font-family:Calibri;color:#000000;background-color:transparent;font-weight:700;font-style:normal;font-variant:normal;text-decoration:none;vertical-align:baseline;\\\">Deklaracja bezp\\u0142atnego udzia\\u0142u <\\\/span><span style=\\\"font-size:12pt;font-family:Calibri;color:#000000;background-color:transparent;font-weight:700;font-style:normal;font-variant:normal;text-decoration:none;vertical-align:baseline;\\\"><br class=\\\"kix-line-break\\\"><\\\/span><span style=\\\"font-size:12pt;font-family:Calibri;color:#000000;background-color:transparent;font-weight:700;font-style:normal;font-variant:normal;text-decoration:none;vertical-align:baseline;\\\">w mi\\u0119dzynarodowej konferencji naukowej<\\\/span><\\\/p><p style=\\\"margin: 0px 0px 20px; padding: 0px; border: 0px; font-size: 13px; vertical-align: baseline; color: rgb(85, 85, 85); font-family: Arial, Helvetica, sans-serif; font-style: normal; font-variant-ligatures: normal; font-variant-caps: normal; font-weight: normal; letter-spacing: normal; orphans: 2; text-indent: 0px; text-transform: none; white-space: normal; widows: 2; word-spacing: 0px; -webkit-text-stroke-width: 0px; background-color: rgb(255, 255, 255); text-decoration-style: initial; text-decoration-color: initial; text-align: center;\\\" align=\\\"left\\\"><b><i><strong style=\\\"margin: 0px; padding: 0px; border: 0px; font-size: 13px; vertical-align: baseline;\\\"><br><\\\/strong><\\\/i><\\\/b><\\\/p><p dir=\\\"ltr\\\" style=\\\"line-height:1.2;margin-top:0pt;margin-bottom:14pt;text-align: center;\\\"><span style=\\\"font-size:12pt;font-family:Calibri;color:#000000;background-color:transparent;font-weight:700;font-style:normal;font-variant:normal;text-decoration:none;vertical-align:baseline;\\\">Laboratoria innowacji w rozwoju kompetencji nauczycieli pedagogiki specjalnej i os\\u00f3b ze specjalnymi potrzebami edukacyjnymi<\\\/span><\\\/p><p style=\\\"margin: 0px 0px 20px; padding: 0px; border: 0px; font-size: 13px; vertical-align: baseline; color: rgb(85, 85, 85); font-family: Arial, Helvetica, sans-serif; font-style: normal; font-variant-ligatures: normal; font-variant-caps: normal; font-weight: normal; letter-spacing: normal; orphans: 2; text-indent: 0px; text-transform: none; white-space: normal; widows: 2; word-spacing: 0px; -webkit-text-stroke-width: 0px; background-color: rgb(255, 255, 255); text-decoration-style: initial; text-decoration-color: initial; text-align: center;\\\" align=\\\"left\\\"><b><i><strong style=\\\"margin: 0px; padding: 0px; border: 0px; font-size: 13px; vertical-align: baseline;\\\"><br><\\\/strong><\\\/i><\\\/b><\\\/p><p dir=\\\"ltr\\\" style=\\\"line-height:1.2;margin-top:0pt;margin-bottom:14pt;text-align: center;\\\"><span style=\\\"font-size:12pt;font-family:Calibri;color:#000000;background-color:transparent;font-weight:700;font-style:normal;font-variant:normal;text-decoration:none;vertical-align:baseline;\\\">Warszawa, 19.05.2017<\\\/span><span style=\\\"font-size:12pt;font-family:'Times New Roman';color:#000000;background-color:transparent;font-weight:700;font-style:normal;font-variant:normal;text-decoration:none;vertical-align:baseline;\\\"> <\\\/span><\\\/p>\",\"label_pos\":\"above\",\"parentType\":\"html\",\"element_templates\":[\"html\",\"input\"],\"old_classname\":\"\",\"wrap_template\":\"wrap\"},{\"objectType\":\"Field\",\"objectDomain\":\"fields\",\"editActive\":false,\"order\":2,\"label\":\"Divider\",\"type\":\"hr\",\"container_class\":\"\",\"element_class\":\"\",\"key\":\"hr_1492708058005\",\"id\":51,\"beforeField\":\"\",\"afterField\":\"\",\"value\":\"\",\"label_pos\":\"above\",\"parentType\":\"hr\",\"element_templates\":[\"hr\",\"input\"],\"old_classname\":\"\",\"wrap_template\":\"wrap\"},{\"objectType\":\"Field\",\"objectDomain\":\"fields\",\"editActive\":false,\"order\":3,\"type\":\"html\",\"label\":\"\",\"default\":\"<h2><b>Dane osobowe<\\\/b><\\\/h2>\",\"container_class\":\"\",\"element_class\":\"\",\"key\":\"html_1492010267601\",\"id\":43,\"beforeField\":\"\",\"afterField\":\"\",\"value\":\"<h2><b>Dane osobowe<\\\/b><\\\/h2>\",\"label_pos\":\"above\",\"parentType\":\"html\",\"element_templates\":[\"html\",\"input\"],\"old_classname\":\"\",\"wrap_template\":\"wrap\"},{\"objectType\":\"Field\",\"objectDomain\":\"fields\",\"editActive\":false,\"order\":4,\"type\":\"firstname\",\"label\":\"Imi\\u0119\",\"key\":\"imie_1492009135626\",\"label_pos\":\"above\",\"required\":1,\"default\":\"\",\"placeholder\":\"\",\"container_class\":\"grupa\",\"element_class\":\"element\",\"admin_label\":\"\",\"help_text\":\"\",\"desc_text\":\"\",\"id\":31,\"beforeField\":\"\",\"afterField\":\"\",\"value\":\"\",\"parentType\":\"firstname\",\"element_templates\":[\"firstname\",\"input\"],\"old_classname\":\"\",\"wrap_template\":\"wrap\"},{\"objectType\":\"Field\",\"objectDomain\":\"fields\",\"editActive\":false,\"order\":5,\"type\":\"lastname\",\"label\":\"Nazwisko\",\"key\":\"nazwisko_1492009139755\",\"label_pos\":\"above\",\"required\":1,\"default\":\"\",\"placeholder\":\"\",\"container_class\":\"grupa\",\"element_class\":\"element\",\"admin_label\":\"\",\"help_text\":\"\",\"desc_text\":\"\",\"id\":32,\"beforeField\":\"\",\"afterField\":\"\",\"value\":\"\",\"parentType\":\"lastname\",\"element_templates\":[\"lastname\",\"input\"],\"old_classname\":\"\",\"wrap_template\":\"wrap\"},{\"objectType\":\"Field\",\"objectDomain\":\"fields\",\"editActive\":false,\"order\":6,\"type\":\"email\",\"label\":\"Email\",\"key\":\"email_1492009127570\",\"label_pos\":\"above\",\"required\":1,\"default\":\"\",\"placeholder\":\"\",\"container_class\":\"\",\"element_class\":\"\",\"admin_label\":\"\",\"help_text\":\"\",\"desc_text\":\"\",\"id\":33,\"beforeField\":\"\",\"afterField\":\"\",\"value\":\"\",\"parentType\":\"email\",\"element_templates\":[\"email\",\"input\"],\"old_classname\":\"\",\"wrap_template\":\"wrap\"},{\"objectType\":\"Field\",\"objectDomain\":\"fields\",\"editActive\":false,\"order\":7,\"type\":\"phone\",\"label\":\"Telefon\",\"key\":\"telefon_1492009271342\",\"label_pos\":\"above\",\"required\":0,\"placeholder\":\"\",\"default\":\"\",\"container_class\":\"\",\"element_class\":\"\",\"input_limit\":\"\",\"input_limit_type\":\"characters\",\"input_limit_msg\":\"Character(s) left\",\"manual_key\":false,\"disable_input\":\"\",\"admin_label\":\"\",\"help_text\":\"\",\"desc_text\":\"\",\"disable_browser_autocomplete\":\"\",\"mask\":\"custom\",\"custom_mask\":\"999-999-999\",\"id\":34,\"beforeField\":\"\",\"afterField\":\"\",\"value\":\"\",\"parentType\":\"textbox\",\"element_templates\":[\"tel\",\"textbox\",\"input\"],\"old_classname\":\"\",\"wrap_template\":\"wrap\"},{\"objectType\":\"Field\",\"objectDomain\":\"fields\",\"editActive\":false,\"order\":8,\"label\":\"Stanowisko\",\"type\":\"firstname\",\"key\":\"stanowisko_1492707745686\",\"label_pos\":\"above\",\"required\":1,\"default\":\"\",\"placeholder\":\"\",\"container_class\":\"\",\"element_class\":\"\",\"admin_label\":\"\",\"help_text\":\"\",\"desc_text\":\"\",\"id\":41,\"beforeField\":\"\",\"afterField\":\"\",\"value\":\"\",\"parentType\":\"firstname\",\"element_templates\":[\"firstname\",\"input\"],\"old_classname\":\"\",\"wrap_template\":\"wrap\"},{\"objectType\":\"Field\",\"objectDomain\":\"fields\",\"editActive\":false,\"order\":9,\"type\":\"hr\",\"label\":\"Divider\",\"container_class\":\"\",\"element_class\":\"\",\"key\":\"hr_1492009307182\",\"id\":35,\"beforeField\":\"\",\"afterField\":\"\",\"value\":\"\",\"label_pos\":\"above\",\"parentType\":\"hr\",\"element_templates\":[\"hr\",\"input\"],\"old_classname\":\"\",\"wrap_template\":\"wrap\"},{\"objectType\":\"Field\",\"objectDomain\":\"fields\",\"editActive\":false,\"order\":10,\"type\":\"html\",\"label\":\"\",\"default\":\"<h2><b>Dane organizacji<\\\/b><\\\/h2>\",\"container_class\":\"\",\"element_class\":\"\",\"key\":\"html_1492707755004\",\"id\":47,\"beforeField\":\"\",\"afterField\":\"\",\"value\":\"<h2><b>Dane organizacji<\\\/b><\\\/h2>\",\"label_pos\":\"above\",\"parentType\":\"html\",\"element_templates\":[\"html\",\"input\"],\"old_classname\":\"\",\"wrap_template\":\"wrap\"},{\"objectType\":\"Field\",\"objectDomain\":\"fields\",\"editActive\":false,\"order\":11,\"type\":\"firstname\",\"label\":\"Nazwa instytucji\",\"key\":\"nazwa_instytucji_1492009360629\",\"label_pos\":\"above\",\"required\":1,\"default\":\"\",\"placeholder\":\"\",\"container_class\":\"Informacje o instytucji\",\"element_class\":\"\",\"admin_label\":\"\",\"help_text\":\"<p>Prosimy o podanie informacji na temat instytucji, kt\\u00f3r\\u0105 Pa\\u0144stwo reprezentujecie.<br><\\\/p>\",\"desc_text\":\"\",\"id\":36,\"beforeField\":\"\",\"afterField\":\"\",\"value\":\"\",\"parentType\":\"firstname\",\"element_templates\":[\"firstname\",\"input\"],\"old_classname\":\"\",\"wrap_template\":\"wrap\"},{\"objectType\":\"Field\",\"objectDomain\":\"fields\",\"editActive\":false,\"order\":12,\"type\":\"address\",\"label\":\"Ulica\",\"key\":\"ulica_1492009898558\",\"label_pos\":\"above\",\"required\":1,\"placeholder\":\"\",\"default\":\"\",\"container_class\":\"\",\"element_class\":\"\",\"input_limit\":\"\",\"input_limit_type\":\"characters\",\"input_limit_msg\":\"Character(s) left\",\"manual_key\":false,\"disable_input\":\"\",\"admin_label\":\"\",\"help_text\":\"\",\"desc_text\":\"\",\"disable_browser_autocomplete\":\"\",\"mask\":\"custom\",\"custom_mask\":\"\",\"id\":37,\"beforeField\":\"\",\"afterField\":\"\",\"value\":\"\",\"parentType\":\"address\",\"element_templates\":[\"address\",\"textbox\",\"input\"],\"old_classname\":\"\",\"wrap_template\":\"wrap\"},{\"objectType\":\"Field\",\"objectDomain\":\"fields\",\"editActive\":false,\"order\":13,\"type\":\"zip\",\"label\":\"Kod pocztowy\",\"key\":\"kod_pocztowy_1492009822501\",\"label_pos\":\"above\",\"required\":1,\"placeholder\":\"\",\"default\":\"\",\"container_class\":\"\",\"element_class\":\"\",\"input_limit\":\"\",\"input_limit_type\":\"characters\",\"input_limit_msg\":\"Character(s) left\",\"manual_key\":false,\"disable_input\":\"\",\"admin_label\":\"\",\"help_text\":\"\",\"desc_text\":\"\",\"disable_browser_autocomplete\":\"\",\"mask\":\"custom\",\"custom_mask\":\"99-999\",\"id\":39,\"beforeField\":\"\",\"afterField\":\"\",\"value\":\"\",\"parentType\":\"zip\",\"element_templates\":[\"zip\",\"textbox\",\"input\",\"textbox\",\"input\"],\"old_classname\":\"\",\"wrap_template\":\"wrap\"},{\"objectType\":\"Field\",\"objectDomain\":\"fields\",\"editActive\":false,\"order\":14,\"type\":\"city\",\"label\":\"Miasto\",\"key\":\"miasto_1492009873031\",\"label_pos\":\"above\",\"required\":1,\"placeholder\":\"\",\"default\":\"\",\"container_class\":\"\",\"element_class\":\"\",\"input_limit\":\"\",\"input_limit_type\":\"characters\",\"input_limit_msg\":\"Character(s) left\",\"manual_key\":false,\"disable_input\":\"\",\"admin_label\":\"\",\"help_text\":\"\",\"desc_text\":\"\",\"disable_browser_autocomplete\":\"\",\"mask\":\"\",\"custom_mask\":\"\",\"id\":38,\"beforeField\":\"\",\"afterField\":\"\",\"value\":\"\",\"parentType\":\"city\",\"element_templates\":[\"city\",\"textbox\",\"input\"],\"old_classname\":\"\",\"wrap_template\":\"wrap\"},{\"objectType\":\"Field\",\"objectDomain\":\"fields\",\"editActive\":false,\"order\":15,\"type\":\"hr\",\"label\":\"Divider\",\"container_class\":\"\",\"element_class\":\"\",\"key\":\"hr_1492010516958\",\"id\":44,\"beforeField\":\"\",\"afterField\":\"\",\"value\":\"\",\"label_pos\":\"above\",\"parentType\":\"hr\",\"element_templates\":[\"hr\",\"input\"],\"old_classname\":\"\",\"wrap_template\":\"wrap\"},{\"objectType\":\"Field\",\"objectDomain\":\"fields\",\"editActive\":false,\"order\":16,\"type\":\"checkbox\",\"label\":\"Wyra\\u017cam zgod\\u0119 na przetwarzanie moich danych osobowych przez Akademi\\u0119 Pedagogiki Specjalnej im. Marii Grzegorzewskiej z siedzib\\u0105 w Warszawie, ul. Szcz\\u0119\\u015bliwiecka 40 w celach zwi\\u0105zanych z organizacj\\u0105 konferencji \\u201eLaboratoria innowacji w rozwoju kompetencji nauczycieli pedagogiki specjalnej i os\\u00f3b ze specjalnymi potrzebami edukacyjnymi\\u201d zgodnie z Ustaw\\u0105 z dnia 29.08.1997 r. o ochronie danych osobowych (Dz.U. z 2002, nr 101, poz 926 wraz z p\\u00f3\\u017an. zmianami).\",\"key\":\"wyrazam_zgode_na_przetwarzanie_moich_danych_osobowych_przez_akademie_pedagogiki_specjalnej_im_marii_grzegorzewskiej_z_siedziba_w_warszawie_ul_szczesliwiecka_40_w_celach_zwiazanych_z_organizacja_konferencji_laboratoria_innowacji_w_rozwoju_kompetencji_nauczycieli_pedagogiki_specjalnej_i_osob_ze_specjalnymi_potrzebami_edukacyjnymi_zgodnie_z_ustawa_z_dnia_29_08_1997_r_o_ochronie_danych_osobowych_dz_u_z_2002_nr_101_poz_926_wraz_z_pozn_zmianami_1492707892274\",\"label_pos\":\"right\",\"required\":1,\"container_class\":\"\",\"element_class\":\"\",\"manual_key\":false,\"disable_input\":\"\",\"admin_label\":\"\",\"help_text\":\"<p><br><\\\/p>\",\"desc_text\":\"\",\"default_value\":\"unchecked\",\"checked_calc_value\":\"\",\"unchecked_calc_value\":\"\",\"id\":48,\"beforeField\":\"\",\"afterField\":\"\",\"value\":\"\",\"parentType\":\"checkbox\",\"element_templates\":[\"checkbox\",\"input\"],\"old_classname\":\"\",\"wrap_template\":\"wrap\"},{\"objectType\":\"Field\",\"objectDomain\":\"fields\",\"editActive\":false,\"order\":17,\"type\":\"html\",\"label\":\"HTML\",\"default\":\"<p dir=\\\"ltr\\\" style=\\\"line-height:1.3800000000000001;margin-top:0pt;margin-bottom:10pt;\\\"><span style=\\\"font-size:11pt;font-family:Calibri;color:#000000;background-color:transparent;font-weight:400;font-style:normal;font-variant:normal;text-decoration:none;vertical-align:baseline;\\\">Ilo\\u015b\\u0107 miejsc jest ograniczona! Organizator zastrzega sobie prawo do odmowy rejestracji w uzasadnionych przypadkach.<\\\/span><\\\/p>\",\"container_class\":\"\",\"element_class\":\"\",\"key\":\"html_1492707672777\",\"id\":49,\"beforeField\":\"\",\"afterField\":\"\",\"value\":\"<p dir=\\\"ltr\\\" style=\\\"line-height:1.3800000000000001;margin-top:0pt;margin-bottom:10pt;\\\"><span style=\\\"font-size:11pt;font-family:Calibri;color:#000000;background-color:transparent;font-weight:400;font-style:normal;font-variant:normal;text-decoration:none;vertical-align:baseline;\\\">Ilo\\u015b\\u0107 miejsc jest ograniczona! Organizator zastrzega sobie prawo do odmowy rejestracji w uzasadnionych przypadkach.<\\\/span><\\\/p>\",\"label_pos\":\"above\",\"parentType\":\"html\",\"element_templates\":[\"html\",\"input\"],\"old_classname\":\"\",\"wrap_template\":\"wrap\"},{\"objectType\":\"Field\",\"objectDomain\":\"fields\",\"editActive\":false,\"order\":18,\"type\":\"hr\",\"label\":\"Divider\",\"container_class\":\"\",\"element_class\":\"\",\"key\":\"hr_1492010521166\",\"id\":45,\"beforeField\":\"\",\"afterField\":\"\",\"value\":\"\",\"label_pos\":\"above\",\"parentType\":\"hr\",\"element_templates\":[\"hr\",\"input\"],\"old_classname\":\"\",\"wrap_template\":\"wrap\"},{\"objectType\":\"Field\",\"objectDomain\":\"fields\",\"editActive\":false,\"order\":19,\"type\":\"html\",\"label\":\"HTML\",\"default\":\"<p><span id=\\\"nf-drawer-content\\\"><span class=\\\"nf-setting-groups\\\"><span class=\\\"nf-field-settings\\\"><\\\/span><\\\/span><\\\/span><\\\/p><p dir=\\\"ltr\\\" style=\\\"line-height:1.3800000000000001;margin-top:0pt;margin-bottom:10pt;text-align: center;\\\"><span style=\\\"font-size:12pt;font-family:Calibri;color:#000000;background-color:transparent;font-weight:700;font-style:normal;font-variant:normal;text-decoration:none;vertical-align:baseline;\\\">W sprawie szczeg\\u00f3\\u0142owych informacji o konferencji prosimy o kontakt:<\\\/span><\\\/p><p dir=\\\"ltr\\\" style=\\\"line-height:1.3800000000000001;margin-top:0pt;margin-bottom:0pt;text-align: center;\\\"><span style=\\\"font-size:11pt;font-family:Calibri;color:#000000;background-color:transparent;font-weight:400;font-style:normal;font-variant:normal;text-decoration:none;vertical-align:baseline;\\\">Biuro projektu i-Lab3<\\\/span><\\\/p><p dir=\\\"ltr\\\" style=\\\"line-height:1.3800000000000001;margin-top:0pt;margin-bottom:0pt;text-align: center;\\\"><span style=\\\"font-size:11pt;font-family:Calibri;color:#000000;background-color:transparent;font-weight:400;font-style:normal;font-variant:normal;text-decoration:none;vertical-align:baseline;\\\">Akademia Pedagogiki Specjalnej im. Marii Grzegorzewskiej<\\\/span><span style=\\\"font-size:11pt;font-family:Calibri;color:#000000;background-color:transparent;font-weight:400;font-style:normal;font-variant:normal;text-decoration:none;vertical-align:baseline;\\\"><br class=\\\"kix-line-break\\\"><\\\/span><span style=\\\"font-size:11pt;font-family:Calibri;color:#000000;background-color:transparent;font-weight:400;font-style:normal;font-variant:normal;text-decoration:none;vertical-align:baseline;\\\">ul. Szcz\\u0119\\u015bliwicka 40, 02-353 Warszawa<\\\/span><span style=\\\"font-size:11pt;font-family:Calibri;color:#000000;background-color:transparent;font-weight:400;font-style:normal;font-variant:normal;text-decoration:none;vertical-align:baseline;\\\"><br class=\\\"kix-line-break\\\"><\\\/span><span style=\\\"font-size:11pt;font-family:Calibri;color:#000000;background-color:transparent;font-weight:400;font-style:italic;font-variant:normal;text-decoration:none;vertical-align:baseline;\\\">+48 22&nbsp;589 36 97<\\\/span><\\\/p><p dir=\\\"ltr\\\" style=\\\"line-height:1.3800000000000001;margin-top:0pt;margin-bottom:0pt;text-align: center;\\\"><span style=\\\"font-size:11pt;font-family:Calibri;color:#000000;background-color:transparent;font-weight:400;font-style:normal;font-variant:normal;text-decoration:none;vertical-align:baseline;\\\">ilab3@aps.edu.pl<\\\/span><\\\/p><p><br><\\\/p><br><p><\\\/p>\",\"container_class\":\"\",\"element_class\":\"\",\"key\":\"html_1492707679749\",\"id\":50,\"beforeField\":\"\",\"afterField\":\"\",\"value\":\"<p><span id=\\\"nf-drawer-content\\\"><span class=\\\"nf-setting-groups\\\"><span class=\\\"nf-field-settings\\\"><\\\/span><\\\/span><\\\/span><\\\/p><p dir=\\\"ltr\\\" style=\\\"line-height:1.3800000000000001;margin-top:0pt;margin-bottom:10pt;text-align: center;\\\"><span style=\\\"font-size:12pt;font-family:Calibri;color:#000000;background-color:transparent;font-weight:700;font-style:normal;font-variant:normal;text-decoration:none;vertical-align:baseline;\\\">W sprawie szczeg\\u00f3\\u0142owych informacji o konferencji prosimy o kontakt:<\\\/span><\\\/p><p dir=\\\"ltr\\\" style=\\\"line-height:1.3800000000000001;margin-top:0pt;margin-bottom:0pt;text-align: center;\\\"><span style=\\\"font-size:11pt;font-family:Calibri;color:#000000;background-color:transparent;font-weight:400;font-style:normal;font-variant:normal;text-decoration:none;vertical-align:baseline;\\\">Biuro projektu i-Lab3<\\\/span><\\\/p><p dir=\\\"ltr\\\" style=\\\"line-height:1.3800000000000001;margin-top:0pt;margin-bottom:0pt;text-align: center;\\\"><span style=\\\"font-size:11pt;font-family:Calibri;color:#000000;background-color:transparent;font-weight:400;font-style:normal;font-variant:normal;text-decoration:none;vertical-align:baseline;\\\">Akademia Pedagogiki Specjalnej im. Marii Grzegorzewskiej<\\\/span><span style=\\\"font-size:11pt;font-family:Calibri;color:#000000;background-color:transparent;font-weight:400;font-style:normal;font-variant:normal;text-decoration:none;vertical-align:baseline;\\\"><br class=\\\"kix-line-break\\\"><\\\/span><span style=\\\"font-size:11pt;font-family:Calibri;color:#000000;background-color:transparent;font-weight:400;font-style:normal;font-variant:normal;text-decoration:none;vertical-align:baseline;\\\">ul. Szcz\\u0119\\u015bliwicka 40, 02-353 Warszawa<\\\/span><span style=\\\"font-size:11pt;font-family:Calibri;color:#000000;background-color:transparent;font-weight:400;font-style:normal;font-variant:normal;text-decoration:none;vertical-align:baseline;\\\"><br class=\\\"kix-line-break\\\"><\\\/span><span style=\\\"font-size:11pt;font-family:Calibri;color:#000000;background-color:transparent;font-weight:400;font-style:italic;font-variant:normal;text-decoration:none;vertical-align:baseline;\\\">+48 22&nbsp;589 36 97<\\\/span><\\\/p><p dir=\\\"ltr\\\" style=\\\"line-height:1.3800000000000001;margin-top:0pt;margin-bottom:0pt;text-align: center;\\\"><span style=\\\"font-size:11pt;font-family:Calibri;color:#000000;background-color:transparent;font-weight:400;font-style:normal;font-variant:normal;text-decoration:none;vertical-align:baseline;\\\">ilab3@aps.edu.pl<\\\/span><\\\/p><p><br><\\\/p><br><p><\\\/p>\",\"label_pos\":\"above\",\"parentType\":\"html\",\"element_templates\":[\"html\",\"input\"],\"old_classname\":\"\",\"wrap_template\":\"wrap\"},{\"objectType\":\"Field\",\"objectDomain\":\"fields\",\"editActive\":false,\"order\":20,\"type\":\"submit\",\"label\":\"Zapisz\",\"processing_label\":\"Zapisuj\\u0119...\",\"container_class\":\"\",\"element_class\":\"\",\"key\":\"zapisz_1\",\"manual_key\":true,\"id\":40,\"beforeField\":\"\",\"afterField\":\"\",\"value\":\"\",\"label_pos\":\"above\",\"parentType\":\"textbox\",\"element_templates\":[\"submit\",\"button\",\"input\"],\"old_classname\":\"\",\"wrap_template\":\"wrap-no-label\"}];nfForms.push(form);<\/script>\n        \n","protected":false},"excerpt":{"rendered":"<p>&nbsp; Dzi\u0119kujemy za zainteresowanie konferencj\u0105. Rejestracja zamkni\u0119ta. &nbsp;<\/p>\n","protected":false},"author":1,"featured_media":0,"parent":0,"menu_order":0,"comment_status":"closed","ping_status":"closed","template":"","meta":{"_bbp_topic_count":0,"_bbp_reply_count":0,"_bbp_total_topic_count":0,"_bbp_total_reply_count":0,"_bbp_voice_count":0,"_bbp_anonymous_reply_count":0,"_bbp_topic_count_hidden":0,"_bbp_reply_count_hidden":0,"_bbp_forum_subforum_count":0,"ngg_post_thumbnail":0,"footnotes":""},"class_list":["post-1696","page","type-page","status-publish","hentry"],"_links":{"self":[{"href":"https:\/\/ilab3.aps.edu.pl\/index.php?rest_route=\/wp\/v2\/pages\/1696","targetHints":{"allow":["GET"]}}],"collection":[{"href":"https:\/\/ilab3.aps.edu.pl\/index.php?rest_route=\/wp\/v2\/pages"}],"about":[{"href":"https:\/\/ilab3.aps.edu.pl\/index.php?rest_route=\/wp\/v2\/types\/page"}],"author":[{"embeddable":true,"href":"https:\/\/ilab3.aps.edu.pl\/index.php?rest_route=\/wp\/v2\/users\/1"}],"replies":[{"embeddable":true,"href":"https:\/\/ilab3.aps.edu.pl\/index.php?rest_route=%2Fwp%2Fv2%2Fcomments&post=1696"}],"version-history":[{"count":4,"href":"https:\/\/ilab3.aps.edu.pl\/index.php?rest_route=\/wp\/v2\/pages\/1696\/revisions"}],"predecessor-version":[{"id":2493,"href":"https:\/\/ilab3.aps.edu.pl\/index.php?rest_route=\/wp\/v2\/pages\/1696\/revisions\/2493"}],"wp:attachment":[{"href":"https:\/\/ilab3.aps.edu.pl\/index.php?rest_route=%2Fwp%2Fv2%2Fmedia&parent=1696"}],"curies":[{"name":"wp","href":"https:\/\/api.w.org\/{rel}","templated":true}]}}