{"id":1560,"date":"2017-03-24T10:52:16","date_gmt":"2017-03-24T10:52:16","guid":{"rendered":"http:\/\/ilab3.aps.edu.pl\/?page_id=1560"},"modified":"2017-08-23T01:28:15","modified_gmt":"2017-08-23T01:28:15","slug":"konferencja-2","status":"publish","type":"page","link":"https:\/\/ilab3.aps.edu.pl\/?page_id=1560","title":{"rendered":"Konferencja"},"content":{"rendered":"<p>&nbsp;<\/p>\n<p><a href=\"http:\/\/ilab3.aps.edu.pl\/wp-content\/uploads\/2017\/03\/obraz_ilab3.png\" rel=\"attachment wp-att-1621\"><img loading=\"lazy\" decoding=\"async\" class=\"wp-image-1621 size-full aligncenter\" src=\"http:\/\/ilab3.aps.edu.pl\/wp-content\/uploads\/2017\/03\/obraz_ilab3.png\" alt=\"obraz_ilab3\" width=\"900\" height=\"123\" srcset=\"https:\/\/ilab3.aps.edu.pl\/wp-content\/uploads\/2017\/03\/obraz_ilab3.png 900w, https:\/\/ilab3.aps.edu.pl\/wp-content\/uploads\/2017\/03\/obraz_ilab3-300x41.png 300w, https:\/\/ilab3.aps.edu.pl\/wp-content\/uploads\/2017\/03\/obraz_ilab3-768x105.png 768w\" sizes=\"auto, (max-width: 900px) 100vw, 900px\" \/><\/a><\/p>\n<p style=\"text-align: center;\"><strong><span style=\"color: #339966;\">MI\u0118DZYNARODOWA KONFERENCJA NAUKOWA<\/span><\/strong><\/p>\n<p style=\"text-align: center;\"><strong>upowszechniaj\u0105ca projekt: <\/strong><\/p>\n<p style=\"text-align: center;\"><strong>Laboratoria innowacji w rozwoju kompetencji nauczycieli pedagogiki specjalnej<\/strong><br \/>\n<strong>i os\u00f3b ze specjalnymi potrzebami edukacyjnymi<\/strong><\/p>\n<p style=\"text-align: center;\"><a href=\"http:\/\/ilab3.aps.edu.pl\/wp-content\/uploads\/2015\/03\/nowe_logo_ilab31.png\" rel=\"attachment wp-att-633\"><img loading=\"lazy\" decoding=\"async\" class=\"alignnone size-full wp-image-633\" src=\"http:\/\/ilab3.aps.edu.pl\/wp-content\/uploads\/2015\/03\/nowe_logo_ilab31.png\" alt=\"nowe_logo_ilab3\" width=\"272\" height=\"65\"><\/a><\/p>\n<p style=\"text-align: center;\"><strong>STRONA POKONFERENCYJNA<\/strong><\/p>\n<p style=\"text-align: left;\">Dzi\u0119kujemy wszystkim uczestnikom i prelegentom za wsp\u00f3lne spotkanie podczas konferencji. Jednocze\u015bnie zapraszamy do zapoznania si\u0119 z materia\u0142ami pokonferencyjnymi.<\/p>\n<h1>Informacje o konferencji<\/h1>\n<p>&nbsp;<\/p>\n<h1>Relacja z konferencji<\/h1>\n<p><strong>Po konferencji\u2026<\/strong><\/p>\n<p>W s\u0142oneczny pi\u0105tek 19 maja 2017 roku w Akademii Pedagogiki Specjalnej w Warszawie odby\u0142a si\u0119 mi\u0119dzynarodowa konferencja naukowa upowszechniaj\u0105ca projekt <strong>Laboratoria innowacji w rozwoju kompetencji nauczycieli pedagogiki specjalnej i os\u00f3b ze specjalnymi potrzebami edukacyjnymi<\/strong> (Innovation Laboratories in the Development of Competences of Special Pedagogy Teachers and People with Special Educational Needs). Podczas spotkania przedstawili\u015bmy g\u0142\u00f3wne za\u0142o\u017cenia naszego projektu oraz dzielili\u015bmy si\u0119 pasj\u0105 i do\u015bwiadczeniami wynikaj\u0105cymi z wdro\u017cenia i-Lab\u00f3w w instytucjach partnerskich.<\/p>\n<p>Konferencj\u0119 otworzy\u0142 Rektor Akademii Pedagogiki Specjalnej, prof. Stefan Kwiatkowski, za\u015b w roli gospodarza wyst\u0105pi\u0142 Kierownik Projektu, p. Mariusz Fila. Uczestnicy konferencji licznie dopisali. W wydarzeniu wzi\u0119\u0142o udzia\u0142 oko\u0142o 120 os\u00f3b, w tym kilkunastu go\u015bci z zagranicy, m. in. z W\u0142och, Niemiec, Czech, Hiszpanii i z Wielkiej Brytanii.<\/p>\n<p>W tematyk\u0119 projektu wprowadzi\u0142 nas Kierownik Projektu, p. <strong>Mariusz Fila<\/strong>. Przedstawi\u0142 on g\u0142\u00f3wne cele i za\u0142o\u017cenia podejmowanych dzia\u0142a\u0144, odwo\u0142uj\u0105c si\u0119 do ich aspektu zawodowego. Zapozna\u0142 uczestnik\u00f3w konferencji z partnerami projektu, wskazuj\u0105c na pe\u0142nion\u0105 przez nich rol\u0119 i wykonywane zadania. Odwo\u0142a\u0142 si\u0119 tak\u017ce do uzyskanych rezultat\u00f3w wypracowanych w czasie trwaj\u0105cego prawie dwa i p\u00f3\u0142 roku projektu.<\/p>\n<p><strong>Jolanta Religa<\/strong> z Instytutu Technologii Eksploatacji &#8211; Pa\u0144stwowego Instytutu Badawczego w Radomiu wprowadzi\u0142a nas w genez\u0119 powstania i-Lab\u00f3w oraz zaprezentowa\u0142a ich potencja\u0142 w rozwoju kompetencji nie tylko nauczycieli pedagogiki specjalnej czy os\u00f3b ze specjalnymi potrzebami edukacyjnymi, ale tak\u017ce innych grup zawodowych. Odwo\u0142a\u0142a si\u0119 do do\u015bwiadcze\u0144 zwi\u0105zanych z powstawaniem pierwszych i-Lab\u00f3w w Wielkiej Brytanii oraz inspiracji, jakie wnios\u0142y one w praktyczn\u0105 stron\u0119 projektu.<\/p>\n<p>Nast\u0119pnie <strong>partnerzy z niemieckiego CDJ Maximiliansau<\/strong> zaprezentowali swoje do\u015bwiadczenia zwi\u0105zane z wdra\u017caniem laboratorium innowacji w\u015br\u00f3d os\u00f3b niepe\u0142nosprawnych w zakresie edukacji zawodowej, co jest sp\u00f3jne z ide\u0105 i propagowan\u0105 przez CDJ wizj\u0105 budowania spo\u0142ecze\u0144stwa integruj\u0105cego.<\/p>\n<p><strong>Musa Kirkar<\/strong>, z wodzon\u0105 sobie charyzm\u0105, wprowadzi\u0142 publiczno\u015b\u0107 w tematyk\u0119 potencja\u0142u innowacji ICT w organizacjach pozarz\u0105dowych dzia\u0142aj\u0105cych na rzecz os\u00f3b ze specjalnymi potrzebami. Odwo\u0142uj\u0105c si\u0119 do do\u015bwiadcze\u0144 w\u0142oskich przestawi\u0142 mo\u017cliwo\u015bci, jakie daje i-Lab w codziennej pracy jego instytucji.<\/p>\n<p>W metodyce i-Laba nie mo\u017cna pomin\u0105\u0107 jego aspekt\u00f3w psychologicznych, nad czym pochylili si\u0119 w swoich wyst\u0105pieniach nasi czescy partnerzy: <strong>Jan \u0160mahaj <\/strong>i<strong> Martin Zielina<\/strong>. Odwo\u0142ali si\u0119 oni do znaczenia w\u0142a\u015bciwego wyposa\u017cenia i-Lab\u00f3w, gad\u017cet\u00f3w i mo\u017cliwo\u015bci, jakie daje aran\u017cacja przestrzeni w kontek\u015bcie \u015brodowiska uczenia si\u0119.<\/p>\n<p>Katarzyna Kru\u015b oraz Monika Radomska zaprezentowa\u0142y wykorzystanie i-Laba w kszta\u0142ceniu specjalnym. W swoim wyst\u0105pieniu przywo\u0142a\u0142y swoje do\u015bwiadczenia zdobyte w trakcie pracy w i-Labie ze studentami pedagogiki specjalnej, b\u0119d\u0105cej przysz\u0142\u0105 kadr\u0105 pracuj\u0105c\u0105 z osobami niepe\u0142nosprawnymi.<\/p>\n<p>Niestety z przyczyn zdrowotnych na konferencj\u0119 nie dotar\u0142a <strong>Adamina Korwin-Szymanowska<\/strong>, kt\u00f3ra mia\u0142a zaprezentowa\u0107 mo\u017cliwo\u015bci wykorzystania i-Laba w edukacji przyrodniczej. W swoim wyst\u0105pieniu mia\u0142a odwo\u0142a\u0107 si\u0119 do zmiany paradygmatu z nauczania na uczenie si\u0119, kt\u00f3re w du\u017cej mierze zale\u017cy od tworzenia sytuacji edukacyjnych. Tak\u0105 zmian\u0119 proponuje i-Lab, kt\u00f3re mo\u017ce sta\u0107 si\u0119 miejscem rozwoju zar\u00f3wno osobistego, jak i spo\u0142ecznego z uwzgl\u0119dnieniem przyrody jako narz\u0119dzia tego holistycznego wzrostu jednostki.<\/p>\n<p>Na zako\u0144czenie wyst\u0105pi\u0142 Kierownik Projektu, p. Mariusz Fila, kt\u00f3ry przedstawi\u0142 wyniki bada\u0144 w zakresie organizacyjnych i edukacyjnych potrzeby pedagog\u00f3w specjalnych, kt\u00f3re wytyczaj\u0105 dalsz\u0105 \u015bcie\u017ck\u0119 dzia\u0142a\u0144 na rzecz wspierania ich w rozwoju.<\/p>\n<p>Ca\u0142o\u015b\u0107 konferencji umili\u0142 wyst\u0119p <strong>Zespo\u0142u Wokalnego &#8220;<\/strong> <strong>Pauza\u2026 Raz, Dwa, Trzy&#8221;<\/strong> z Zespo\u0142u Szk\u00f3\u0142 Specjalnych nr 101 w Warszawie. M\u0142odzi arty\u015bci swoj\u0105 muzyk\u0105 i \u015bpiewem wprowadzili nas w \u015bwiat poezji \u015bpiewanej ks. Jana Twardowskiego. Owacjom nie by\u0142o ko\u0144ca, co by\u0142o dowodem uznania&nbsp;dla&nbsp;kunsztu i poziomu artystycznego wykonawc\u00f3w.<\/p>\n<p>Debata prowadzona przez <strong>Sergo Kuruliszwiliego<\/strong> owocnie podsumowa\u0142a ca\u0142o\u015b\u0107 konferencji. Wzi\u0119li w niej udzia\u0142 wszyscy partnerzy projektu. Polacy i Czesi dzielili si\u0119 swoimi do\u015bwiadczeniami na temat trudno\u015bci, jakie napotkali w czasie wdra\u017cania i-Laba w swoich instytucjach. Opowiadali o tym, co uda\u0142o si\u0119 osi\u0105gn\u0105\u0107 w \u0142atwy spos\u00f3b, a co by\u0142o najtrudniejsze w implementacji nowej metody. Niemcy i W\u0142osi wyra\u017cali swoj\u0105 opini\u0119 na temat i-Laba jako narz\u0119dzia pracy z osobami o specjalnych potrzebach edukacyjnych. Dodatkowo, uwzgl\u0119dniaj\u0105c polskie i niemieckie refleksje podj\u0119to pr\u00f3b\u0119 ustalenia miejsca i roli i-Laba w edukacji zawodowej. Du\u017c\u0105 wag\u0119 przywi\u0105zywano tak\u017ce do psychologicznych aspekt\u00f3w wdra\u017cania i-Laba, o czym dumnie opowiadali nasi czescy partnerzy. Na koniec, podj\u0119to refleksj\u0119 na temat u\u017cyteczno\u015bci i-Laba jako \u015brodowiska uczenia si\u0119 niezale\u017cnie od jego usytuowania (szko\u0142y, praca, NGOsy, uniwersytety).<\/p>\n<p>Po owocnej debacie i licznych pytaniach od uczestnik\u00f3w wydarzenia, Kierownik Projektu oficjalnie zako\u0144czy\u0142 konferencj\u0119, \u017cycz\u0105c wszystkich owocnych i inspiruj\u0105cych dzia\u0142a\u0144 opartych na i-Labie. W taki oto spos\u00f3b zako\u0144czy\u0142o si\u0119 niezwyk\u0142e i d\u0142ugo wyczekiwane wydarzenie.<\/p>\n<p><strong><em>Dzi\u0119kujemy, \u017ce byli\u015bcie tam z nami!<\/em><\/strong><\/p>\n<p>&nbsp;<\/p>\n<h1>Prezentacje prelegent\u00f3w i inne materia\u0142y konferencyjne<\/h1>\n<p><a href=\"http:\/\/ilab3.aps.edu.pl\/wp-content\/uploads\/2017\/03\/Zaproszenie-na-konferencj\u01192.pdf\"><img loading=\"lazy\" decoding=\"async\" class=\"wp-image-1832 alignleft\" src=\"http:\/\/ilab3.aps.edu.pl\/wp-content\/uploads\/2017\/05\/pdf_icon-150x150.png\" alt=\"\" width=\"80\" height=\"81\" srcset=\"https:\/\/ilab3.aps.edu.pl\/wp-content\/uploads\/2017\/05\/pdf_icon-150x150.png 150w, https:\/\/ilab3.aps.edu.pl\/wp-content\/uploads\/2017\/05\/pdf_icon-297x300.png 297w, https:\/\/ilab3.aps.edu.pl\/wp-content\/uploads\/2017\/05\/pdf_icon.png 507w\" sizes=\"auto, (max-width: 80px) 100vw, 80px\" \/><\/a><a href=\"http:\/\/ilab3.aps.edu.pl\/wp-content\/uploads\/2017\/03\/Zaproszenie-na-konferencj\u01192.pdf\">Zaproszenie na konferencj\u0119<\/a><\/p>\n<p>&nbsp;<\/p>\n<p>&nbsp;<\/p>\n<p><a href=\"http:\/\/ilab3.aps.edu.pl\/wp-content\/uploads\/2017\/03\/Zaproszenie-na-konferencj\u01192.pdf\"><img loading=\"lazy\" decoding=\"async\" class=\"wp-image-1832 alignleft\" src=\"http:\/\/ilab3.aps.edu.pl\/wp-content\/uploads\/2017\/05\/pdf_icon-150x150.png\" alt=\"\" width=\"80\" height=\"81\" srcset=\"https:\/\/ilab3.aps.edu.pl\/wp-content\/uploads\/2017\/05\/pdf_icon-150x150.png 150w, https:\/\/ilab3.aps.edu.pl\/wp-content\/uploads\/2017\/05\/pdf_icon-297x300.png 297w, https:\/\/ilab3.aps.edu.pl\/wp-content\/uploads\/2017\/05\/pdf_icon.png 507w\" sizes=\"auto, (max-width: 80px) 100vw, 80px\" \/><\/a>Program konferencji<\/p>\n<p><a href=\"http:\/\/ilab3.aps.edu.pl\/wp-content\/uploads\/2017\/05\/Program-konferencji.pdf\">wersja polska<\/a> \/ <a href=\"http:\/\/ilab3.aps.edu.pl\/wp-content\/uploads\/2017\/05\/i-Lab3-Conference-Program.pdf\">wersja angielska<\/a><\/p>\n<p>&nbsp;<\/p>\n<p><a href=\"http:\/\/ilab3.aps.edu.pl\/wp-content\/uploads\/2017\/03\/APS1.pdf\"><img loading=\"lazy\" decoding=\"async\" class=\"alignleft wp-image-2769\" src=\"http:\/\/ilab3.aps.edu.pl\/wp-content\/uploads\/2017\/03\/File-Format-Pptx-507x507-150x150.png\" alt=\"\" width=\"80\" height=\"81\"><\/a>Prezentacja:<a href=\"http:\/\/ilab3.aps.edu.pl\/wp-content\/uploads\/2017\/03\/APS1.pdf\"><strong> Laboratoria innowacji w rozwoju kompetencji nauczycieli pedagogiki specjalnej<\/strong><\/a><\/p>\n<p><a href=\"http:\/\/ilab3.aps.edu.pl\/wp-content\/uploads\/2017\/03\/APS1.pdf\"><strong> i os\u00f3b ze specjalnymi potrzebami edukacyjnymi. Informacje o projekcie.<\/strong><\/a><\/p>\n<p>autor: Mariusz Fila<\/p>\n<p>&nbsp;<\/p>\n<p><a href=\"http:\/\/ilab3.aps.edu.pl\/wp-content\/uploads\/2017\/03\/APS2.pdf\"><img loading=\"lazy\" decoding=\"async\" class=\"alignleft wp-image-2769\" src=\"http:\/\/ilab3.aps.edu.pl\/wp-content\/uploads\/2017\/03\/File-Format-Pptx-507x507-150x150.png\" alt=\"\" width=\"80\" height=\"81\"><\/a>Prezentacja: <a href=\"http:\/\/ilab3.aps.edu.pl\/wp-content\/uploads\/2017\/03\/APS2.pdf\"><strong>Zastosowanie Laboratorium Innowacji w kszta\u0142ceniu specjalnym<\/strong><\/a><\/p>\n<p>autorki: Katarzyna Kru\u015b, Monika Radomska<\/p>\n<p>&nbsp;<\/p>\n<p><a href=\"http:\/\/ilab3.aps.edu.pl\/wp-content\/uploads\/2017\/03\/APS3.pdf\"><img loading=\"lazy\" decoding=\"async\" class=\"alignleft wp-image-2769\" src=\"http:\/\/ilab3.aps.edu.pl\/wp-content\/uploads\/2017\/03\/File-Format-Pptx-507x507-150x150.png\" alt=\"\" width=\"80\" height=\"81\"><\/a>Prezentacja: <a href=\"http:\/\/ilab3.aps.edu.pl\/wp-content\/uploads\/2017\/03\/APS1.pdf\"><strong>Organizacyjne i edukacyjne potrzeby nauczycieli os\u00f3b z niepe\u0142nosprawno\u015bci\u0105<\/strong><\/a><\/p>\n<p>autor: Mariusz Fila<\/p>\n<p>&nbsp;<\/p>\n<p><a href=\"http:\/\/ilab3.aps.edu.pl\/wp-content\/uploads\/2017\/03\/CEIPES.pdf\"><img loading=\"lazy\" decoding=\"async\" class=\"alignleft wp-image-2769\" src=\"http:\/\/ilab3.aps.edu.pl\/wp-content\/uploads\/2017\/03\/File-Format-Pptx-507x507-150x150.png\" alt=\"\" width=\"80\" height=\"81\"><\/a>Prezentacja:<a href=\"http:\/\/ilab3.aps.edu.pl\/wp-content\/uploads\/2017\/03\/CEIPES.pdf\"><strong> Wdro\u017cenie Laboratorium Innowacji w CEIPES: potencja\u0142 innowacji ICT <\/strong><\/a><\/p>\n<p><a href=\"http:\/\/ilab3.aps.edu.pl\/wp-content\/uploads\/2017\/03\/CEIPES.pdf\"><strong>w organizacjach pozarz\u0105dowych dzia\u0142aj\u0105cych na rzecz os\u00f3b ze specjalnymi potrzebami<\/strong><\/a><\/p>\n<p>autorzy: Musa Kirkar, Fulvio Grassadonio<\/p>\n<p>&nbsp;<\/p>\n<p><a href=\"http:\/\/ilab3.aps.edu.pl\/wp-content\/uploads\/2017\/03\/CJD.pdf\"><img loading=\"lazy\" decoding=\"async\" class=\"alignleft wp-image-2769\" src=\"http:\/\/ilab3.aps.edu.pl\/wp-content\/uploads\/2017\/03\/File-Format-Pptx-507x507-150x150.png\" alt=\"\" width=\"80\" height=\"81\"><\/a>Prezentacja:<a href=\"http:\/\/ilab3.aps.edu.pl\/wp-content\/uploads\/2017\/03\/CJD.pdf\"> <strong>Psychological Aspects Of Innovation Laboratory<\/strong><\/a><\/p>\n<p>autorzy: Jan \u0160mahaj, Martin Zielina<\/p>\n<p>&nbsp;<\/p>\n<p><a href=\"http:\/\/ilab3.aps.edu.pl\/wp-content\/uploads\/2017\/03\/ITEE.pdf\"><img loading=\"lazy\" decoding=\"async\" class=\"alignleft wp-image-2769\" src=\"http:\/\/ilab3.aps.edu.pl\/wp-content\/uploads\/2017\/03\/File-Format-Pptx-507x507-150x150.png\" alt=\"\" width=\"80\" height=\"81\"><\/a>Prezentacja:<a href=\"http:\/\/ilab3.aps.edu.pl\/wp-content\/uploads\/2017\/03\/ITEE.pdf\"><strong> Laboratoria Innowacji Geneza i Potencja\u0142 Wdro\u017ce\u0144 dla Rozwoju Kompetencji<\/strong><\/a><\/p>\n<p>autorka:&nbsp;Jolanta Religa<\/p>\n<p>&nbsp;<\/p>\n<p><a href=\"http:\/\/ilab3.aps.edu.pl\/wp-content\/uploads\/2017\/03\/CJD.pdf\"><img loading=\"lazy\" decoding=\"async\" class=\"alignleft wp-image-2769\" src=\"http:\/\/ilab3.aps.edu.pl\/wp-content\/uploads\/2017\/03\/File-Format-Pptx-507x507-150x150.png\" alt=\"\" width=\"80\" height=\"81\"><\/a>Prezentacja: <a href=\"http:\/\/ilab3.aps.edu.pl\/wp-content\/uploads\/2017\/03\/CJD.pdf\"><strong>Implementation of I-LAB at CJD Maximiliansau. <\/strong><\/a><\/p>\n<p><a href=\"http:\/\/ilab3.aps.edu.pl\/wp-content\/uploads\/2017\/03\/CJD.pdf\"><strong>A common work of special pedagogy teachers and people with special educational needs<\/strong><\/a><\/p>\n<p>autorzy: Karin N<b>\u00e4<\/b>gle i J<span class=\"st\">\u00f6<\/span>rg Sch<b>\u00e4<\/b>fer<\/p>\n<h1>&nbsp;Galeria zdj\u0119\u0107<\/h1>\nngg_shortcode_0_placeholder\n<p style=\"text-align: center;\"><strong><em>&nbsp;<\/em><\/strong><\/p>\n<p style=\"text-align: center;\">&nbsp;<\/p>\n<p style=\"text-align: center;\">&nbsp;<\/p>\n","protected":false},"excerpt":{"rendered":"<p>&nbsp; MI\u0118DZYNARODOWA KONFERENCJA NAUKOWA upowszechniaj\u0105ca projekt: Laboratoria innowacji w rozwoju kompetencji nauczycieli pedagogiki specjalnej i os\u00f3b ze specjalnymi potrzebami edukacyjnymi STRONA POKONFERENCYJNA Dzi\u0119kujemy wszystkim uczestnikom i prelegentom za wsp\u00f3lne spotkanie podczas konferencji. Jednocze\u015bnie zapraszamy do zapoznania si\u0119 z materia\u0142ami pokonferencyjnymi. Informacje o konferencji &nbsp; Relacja z konferencji Po konferencji\u2026 W s\u0142oneczny pi\u0105tek 19 maja 2017<\/p>\n","protected":false},"author":1,"featured_media":2784,"parent":0,"menu_order":0,"comment_status":"closed","ping_status":"closed","template":"","meta":{"_bbp_topic_count":0,"_bbp_reply_count":0,"_bbp_total_topic_count":0,"_bbp_total_reply_count":0,"_bbp_voice_count":0,"_bbp_anonymous_reply_count":0,"_bbp_topic_count_hidden":0,"_bbp_reply_count_hidden":0,"_bbp_forum_subforum_count":0,"ngg_post_thumbnail":0,"footnotes":""},"class_list":["post-1560","page","type-page","status-publish","has-post-thumbnail","hentry"],"_links":{"self":[{"href":"https:\/\/ilab3.aps.edu.pl\/index.php?rest_route=\/wp\/v2\/pages\/1560","targetHints":{"allow":["GET"]}}],"collection":[{"href":"https:\/\/ilab3.aps.edu.pl\/index.php?rest_route=\/wp\/v2\/pages"}],"about":[{"href":"https:\/\/ilab3.aps.edu.pl\/index.php?rest_route=\/wp\/v2\/types\/page"}],"author":[{"embeddable":true,"href":"https:\/\/ilab3.aps.edu.pl\/index.php?rest_route=\/wp\/v2\/users\/1"}],"replies":[{"embeddable":true,"href":"https:\/\/ilab3.aps.edu.pl\/index.php?rest_route=%2Fwp%2Fv2%2Fcomments&post=1560"}],"version-history":[{"count":40,"href":"https:\/\/ilab3.aps.edu.pl\/index.php?rest_route=\/wp\/v2\/pages\/1560\/revisions"}],"predecessor-version":[{"id":3088,"href":"https:\/\/ilab3.aps.edu.pl\/index.php?rest_route=\/wp\/v2\/pages\/1560\/revisions\/3088"}],"wp:featuredmedia":[{"embeddable":true,"href":"https:\/\/ilab3.aps.edu.pl\/index.php?rest_route=\/wp\/v2\/media\/2784"}],"wp:attachment":[{"href":"https:\/\/ilab3.aps.edu.pl\/index.php?rest_route=%2Fwp%2Fv2%2Fmedia&parent=1560"}],"curies":[{"name":"wp","href":"https:\/\/api.w.org\/{rel}","templated":true}]}}